{"id":24,"date":"2015-02-28T12:50:05","date_gmt":"2015-02-28T11:50:05","guid":{"rendered":"http:\/\/www.mainslibres.asso.fr\/wordpress\/?page_id=24"},"modified":"2018-07-22T19:19:53","modified_gmt":"2018-07-22T17:19:53","slug":"qui-sommes-nous","status":"publish","type":"page","link":"https:\/\/www.mainslibres.asso.fr\/wordpress\/qui-sommes-nous\/","title":{"rendered":"Qui sommes-nous ?"},"content":{"rendered":"<p><strong><u>Article 2 des statuts de Mains libres\u00a0: objet de l\u2019association <\/u><\/strong><\/p>\n<p>L\u2019objet de l\u2019association Mains libres comprend trois aspects indissociables\u00a0:<\/p>\n<ol>\n<li><strong>R\u00e9pondre \u00e0 un besoin de mobilit\u00e9\u00a0: <\/strong>Les SDF sont encombr\u00e9s et stigmatis\u00e9s par leurs bagages, et ils peuvent les perdre ou se les faire voler. L\u2019association Mains libres offre \u00e0 ses adh\u00e9rents SDF la possibilit\u00e9 de les d\u00e9poser dans un casier matin et soir, sept jours sur sept, en toute s\u00e9curit\u00e9, et de conserver ce casier aussi longtemps qu\u2019ils en ont besoin. Pour mieux s\u2019assurer de r\u00e9pondre aux besoins des SDF, l\u2019association est g\u00e9r\u00e9e de fa\u00e7on participative et b\u00e9n\u00e9vole avec eux, aussi bien pour son administration que pour le fonctionnement quotidien de la bagagerie, ce qui exclut d\u2019employer un ou des salari\u00e9s.<\/li>\n<li><strong>Favoriser l\u2019insertion\u00a0: <\/strong>Ce service n\u2019est pas consid\u00e9r\u00e9 comme une fa\u00e7on de maintenir les SDF dans leur situation, qui est inacceptable, mais au contraire comme un atout pour faciliter leur insertion gr\u00e2ce \u00e0 la r\u00e9appropriation de leur mobilit\u00e9 et de leur autonomie. C\u2019est pourquoi l\u2019association Mains libres travaille en partenariat \u00e9troit avec des associations sp\u00e9cialis\u00e9es, charg\u00e9es d\u2019identifier et de relayer des candidatures d\u2019usagers puis de les accompagner dans leurs d\u00e9marches d\u2019insertion. Pour s\u2019assurer de sa contribution \u00e0 l\u2019insertion, l\u2019association Mains libres effectue chaque ann\u00e9e, en lien avec ses partenaires, une \u00e9valuation de l\u2019impact social de la bagagerie.<\/li>\n<li><strong>Favoriser l\u2019inclusion\u00a0: <\/strong>La bagagerie est \u00e9galement destin\u00e9e \u00e0 favoriser l\u2019inclusion des SDF dans le quartier \u00e0 travers le d\u00e9veloppement de liens sociaux avec les ADF membres de l\u2019association, la participation \u00e0 des animations de quartier et \u00e0 la vie associative locale.<\/li>\n<\/ol>\n<p>Pour une pr\u00e9sentation d\u00e9taill\u00e9e de notre histoire et de notre fonctionnement, vous pouvez consulter le <a href=\"https:\/\/www.mainslibres.asso.fr\/wordpress\/wp-content\/uploads\/2015\/03\/Rapport-ML-2009.pdf\">Bilan apr\u00e8s 20 mois de fonctionnement de Mains Libres (2009)<\/a>\u00a0ou, pour une pr\u00e9sentation r\u00e9sum\u00e9e, le <a href=\"https:\/\/www.mainslibres.asso.fr\/wordpress\/wp-content\/uploads\/2015\/03\/Descriptif-mars-2010.pdf\">Descriptif de la bagagerie (2010)<\/a>.<\/p>\n<p>Pour nous contacter, merci de remplir <a href=\"https:\/\/www.mainslibres.asso.fr\/wordpress\/contact\/\" target=\"_blank\" rel=\"noopener\">ce formulaire .<\/a><\/p>\n<hr \/>\n<h1>Les membres actuels du Conseil d'Administration (juillet 2018)<\/h1>\n<h2><em>Coll\u00e8ge\u00a0SDF<\/em><\/h2>\n<ul>\n<li>GONCALVES Antonio<\/li>\n<li>M\u2019BINA Laurent<\/li>\n<li>REDEUIL Jean (Pr\u00e9sident)<\/li>\n<li>TOKAR Michel<\/li>\n<li>VALENCIA Sergio (Vice-Pr\u00e9sident)<\/li>\n<\/ul>\n<h2><em>Coll\u00e8ge ADF<\/em><\/h2>\n<ul>\n<li>BOURGUINAT Elisabeth<\/li>\n<li>DOUGIN Yves<\/li>\n<li>DUSSAUCY Carole (Secr\u00e9taire)<\/li>\n<li>GEORGES Beno\u00eet (Tr\u00e9sorier)<\/li>\n<li>LEMERY Christophe<\/li>\n<li>LOUIS Etienne<\/li>\n<li>SIMONNET Catherine (Vice-Pr\u00e9sidente)<\/li>\n<\/ul>\n<h2><em>Coll\u00e8ge Anciens usagers<\/em><\/h2>\n<ul>\n<li>MAHIOUT Rachid (Vice-Pr\u00e9sident)<\/li>\n<\/ul>\n<h2><em>Coll\u00e8ge Association partenaires<\/em><\/h2>\n<ul>\n<li>Emma\u00fcs Agora-Maraude repr\u00e9sent\u00e9 par Rapha\u00ebl PARENTI et Julie HANSE<\/li>\n<li>Aux Captifs La Lib\u00e9ration repr\u00e9sent\u00e9 par Perrine DEPIERRIS et Vincent TAPIN<\/li>\n<li>CAARUD-AIDES repr\u00e9sent\u00e9 par Renaud DELACROIX<\/li>\n<li>La Soupe St Eustache repr\u00e9sent\u00e9e par G\u00e9rard SEIBEL<\/li>\n<li>La Croix Rouge repr\u00e9sent\u00e9e par Yorick KIMPE<\/li>\n<\/ul>\n<hr \/>\n<h2><strong>Les fondateurs de l\u2019association en 2006<\/strong><\/h2>\n<p>Le mercredi 27 juin 2006 \u00e0 18h, les membres fondateurs de l\u2019association Mains libres se sont r\u00e9unis en assembl\u00e9e constituante \u00e0 la Pointe Saint-Eustache.<\/p>\n<p><img loading=\"lazy\" decoding=\"async\" class=\"alignleft wp-image-1524\" src=\"https:\/\/www.mainslibres.asso.fr\/wordpress\/wp-content\/uploads\/2015\/02\/Mains11.jpg\" alt=\"\" width=\"450\" height=\"251\" srcset=\"https:\/\/www.mainslibres.asso.fr\/wordpress\/wp-content\/uploads\/2015\/02\/Mains11.jpg 500w, https:\/\/www.mainslibres.asso.fr\/wordpress\/wp-content\/uploads\/2015\/02\/Mains11-300x167.jpg 300w\" sizes=\"auto, (max-width: 450px) 100vw, 450px\" \/><\/p>\n<p>27 personnes \u00e9taient pr\u00e9sentes :<br \/>\nFran\u00e7oise Aba (Association Accomplir, ATD Quart Monde, Conseil de Quartier du 2\u00e8me), Association Accomplir, repr\u00e9sent\u00e9e par Gilles Pourbaix, vice-pr\u00e9sident, Martine (SDF du quartier des Halles et Association Accomplir), Centre social La Clairi\u00e8re, repr\u00e9sent\u00e9 par Bruno Ren\u00e9-Bazin, vice-pr\u00e9sident, Collectif Les Morts de la rue, repr\u00e9sent\u00e9 par Christophe Louis, pr\u00e9sident, Conf\u00e9rence Saint-Vincent de Paul de la paroisse Saint-Germain l\u2019Auxerrois, repr\u00e9sent\u00e9e par Jean-Claude Cadin, pr\u00e9sident, Redouane Belmokadem (SDF), Bernard Blot (Association Accomplir et volontaire \u00e0 la Soupe Saint-Eustache, 1er), Elisabeth Bourguinat (Association Accomplir), Daniel Chasteauneuf (SDF du quartier des Halles), Gary Drahmani (SDF du quartier des Halles), Bernard Dubois (SDF du quartier des Halles), Richard Fleury (SDF du quartier des Halles), Anne H\u00e9mar (Association Accomplir), Jeanne Kalt (habitante du quartier Saint-Germain l\u2019Auxerrois, 1er), Marie-Th\u00e9r\u00e8se Lionnet (Conf\u00e9rence Saint-Vincent de Paul de la paroisse Saint Germain l\u2019Auxerrois), Laetitia Mougenot (Association Accomplir), Marie-Paule Renaud (SDF du quartier des Halles), Patrick Roburin (Conseil de quartier Vivienne-Gaillon, 2\u00e8me), Cl\u00e9mence Roux de Luze (habitante du 3\u00e8me), Thierry Savignan (SDF du quartier des Halles), Marie-Ange Schiltz (Association Accomplir), Bruno de Sentenac (Centre social La Clairi\u00e8re), La Soupe Saint Eustache, repr\u00e9sent\u00e9e par G\u00e9rard Seibel, pr\u00e9sident, Hugues Templier (Association Accomplir), Pierre Tibouville (Conseil de quartier des Halles, 1er), Arnaud Vignon (Commission Solidarit\u00e9 des conseils de quartier du 2\u00e8me).<\/p>\n<p>La bagagerie Mains libres a ouvert ses portes le 5 mars 2007 au\u00a0101 rue Rambuteau (Paris 1<sup>er<\/sup>), sur la terrasse Lautr\u00e9amont.<br \/>\nApr\u00e8s plusieurs d\u00e9m\u00e9nagements temporaires, elle est install\u00e9e depuis le 25 juin 2014 dans ses locaux d\u00e9finitifs\u00a0situ\u00e9s au\u00a015 rue Jean Lantier (Paris 1<sup>er<\/sup>).<\/p>\n","protected":false},"excerpt":{"rendered":"<p>Article 2 des statuts de Mains libres\u00a0: objet de l\u2019association L\u2019objet de l\u2019association Mains libres comprend trois aspects indissociables\u00a0: R\u00e9pondre \u00e0 un besoin de mobilit\u00e9\u00a0: Les SDF sont encombr\u00e9s et stigmatis\u00e9s par leurs bagages, et ils peuvent les perdre ou se les faire voler. L\u2019association Mains libres offre \u00e0 ses adh\u00e9rents SDF la possibilit\u00e9 de &hellip; <a href=\"https:\/\/www.mainslibres.asso.fr\/wordpress\/qui-sommes-nous\/\" class=\"more-link\">Continuer la lecture de <span class=\"screen-reader-text\">Qui sommes-nous ?<\/span>  <span class=\"meta-nav\">&rarr;<\/span><\/a><\/p>\n","protected":false},"author":4,"featured_media":0,"parent":0,"menu_order":0,"comment_status":"closed","ping_status":"closed","template":"","meta":{"_monsterinsights_skip_tracking":false,"_monsterinsights_sitenote_active":false,"_monsterinsights_sitenote_note":"","_monsterinsights_sitenote_category":0,"footnotes":""},"class_list":["post-24","page","type-page","status-publish","hentry"],"_links":{"self":[{"href":"https:\/\/www.mainslibres.asso.fr\/wordpress\/wp-json\/wp\/v2\/pages\/24","targetHints":{"allow":["GET"]}}],"collection":[{"href":"https:\/\/www.mainslibres.asso.fr\/wordpress\/wp-json\/wp\/v2\/pages"}],"about":[{"href":"https:\/\/www.mainslibres.asso.fr\/wordpress\/wp-json\/wp\/v2\/types\/page"}],"author":[{"embeddable":true,"href":"https:\/\/www.mainslibres.asso.fr\/wordpress\/wp-json\/wp\/v2\/users\/4"}],"replies":[{"embeddable":true,"href":"https:\/\/www.mainslibres.asso.fr\/wordpress\/wp-json\/wp\/v2\/comments?post=24"}],"version-history":[{"count":63,"href":"https:\/\/www.mainslibres.asso.fr\/wordpress\/wp-json\/wp\/v2\/pages\/24\/revisions"}],"predecessor-version":[{"id":2288,"href":"https:\/\/www.mainslibres.asso.fr\/wordpress\/wp-json\/wp\/v2\/pages\/24\/revisions\/2288"}],"wp:attachment":[{"href":"https:\/\/www.mainslibres.asso.fr\/wordpress\/wp-json\/wp\/v2\/media?parent=24"}],"curies":[{"name":"wp","href":"https:\/\/api.w.org\/{rel}","templated":true}]}}